{"id":3244,"date":"2023-07-20T17:10:58","date_gmt":"2023-07-20T15:10:58","guid":{"rendered":"https:\/\/sancarlo.org\/chi-siamo\/"},"modified":"2026-03-09T15:39:00","modified_gmt":"2026-03-09T14:39:00","slug":"quienes-somos","status":"publish","type":"page","link":"https:\/\/sancarlo.org\/es\/quienes-somos\/","title":{"rendered":"Qui\u00e9nes somos"},"content":{"rendered":"<div class=\"navigator-wrapper\">\n\t<nav class=\"navigator navigator--anchors\" data-component=\"navigator\" aria-label=\"\u00edndice de p\u00e1gina\"><\/nav>\n\t<details class=\"accordion navigator--accordion\" data-component=\"navigator\" data-placeholder=\"\u00edndice de p\u00e1gina\" >\n\t\t<summary class=\"accordion-summary\">\u00edndice de p\u00e1gina<\/summary>\n\t\t<div class=\"accordion-content\"><\/div>\n\t<\/details>\n<\/div>\t\n\n\n<figure class=\"wp-block-image wp-block-image--fnztema is-style-full-width\"><picture><source media=\"(min-width: 1280px)\" srcset=\"https:\/\/sancarlo.org\/wp-content\/uploads\/2023\/06\/20210718-25-Vacanze-FSCB-Corvara-5-copia-1366x820.jpg 1x, https:\/\/sancarlo.org\/wp-content\/uploads\/2023\/06\/20210718-25-Vacanze-FSCB-Corvara-5-copia.jpg 2x\"><source media=\"(min-width: 1024px)\" srcset=\"https:\/\/sancarlo.org\/wp-content\/uploads\/2023\/06\/20210718-25-Vacanze-FSCB-Corvara-5-copia-1024x614.jpg 1x, https:\/\/sancarlo.org\/wp-content\/uploads\/2023\/06\/20210718-25-Vacanze-FSCB-Corvara-5-copia.jpg 2x\"><source media=\"(min-width: 768px)\" srcset=\"https:\/\/sancarlo.org\/wp-content\/uploads\/2023\/06\/20210718-25-Vacanze-FSCB-Corvara-5-copia-800x480.jpg 1x, https:\/\/sancarlo.org\/wp-content\/uploads\/2023\/06\/20210718-25-Vacanze-FSCB-Corvara-5-copia-1600x960.jpg 2x\"><source media=\"(min-width: 200px)\" srcset=\"https:\/\/sancarlo.org\/wp-content\/uploads\/2023\/06\/20210718-25-Vacanze-FSCB-Corvara-5-copia-500x300.jpg 1x, https:\/\/sancarlo.org\/wp-content\/uploads\/2023\/06\/20210718-25-Vacanze-FSCB-Corvara-5-copia-1000x600.jpg 2x\"><img decoding=\"async\" src=\"data:image\/gif;base64,R0lGODlhAQABAAAAACH5BAEKAAEALAAAAAABAAEAAAICTAEAOw==\" alt=\"\" \/><\/picture><\/figure>\n\n\n<h2 class=\"wp-block-heading has-text-color-color has-text-color\" id=\"checose\">Qu\u00e9 es la Fraternidad San Carlos<\/h2>\n\n\n\n<p>La Fraternidad Sacerdotal de los Misioneros de San Carlos Borromeo es una Sociedad de Vida Apost\u00f3lica de derecho pontificio.<\/p>\n\n\n\n<p>La Fraternidad nace del carisma del movimiento de Comuni\u00f3n y Liberaci\u00f3n. Los j\u00f3venes que piden ingresar en la Fraternidad para ser sacerdotes han encontrado en dicho carisma la forma definitiva de su propia pertenencia a la Iglesia. Mediante la obra misionera buscan difundir el carisma, obteniendo del mismo el m\u00e9todo de su apostolado.<br><\/p>\n\n\n\n<blockquote class=\"wp-block-quote\">\n<p>Una pasi\u00f3n por la gloria de Cristo y la vida como testimonio de esa pasi\u00f3n.<\/p>\n<cite>don Luigi Giussani<\/cite><\/blockquote>\n\n\n\n<p>Los sacerdotes de la Fraternidad viven juntos en casas de tres o m\u00e1s personas. La comuni\u00f3n entre ellos es sost\u00e9n en el trabajo cotidiano de la misi\u00f3n, camino de conversi\u00f3n y v\u00eda maestra a trav\u00e9s de la cual viven el sacerdocio. Viven una disponibilidad para ser enviados a donde la Iglesia los necesita.<\/p>\n\n\n\n<p>En acuerdo con el Obispo de la di\u00f3cesis en la que act\u00faan, prestan sus servicios en parroquias, escuelas, c\u00e1rceles y hospitales.<\/p>\n\n\n\n<p><\/p>\n\n\n\n<h2 class=\"wp-block-heading\" id=\"storia\">Una historia joven<\/h2>\n\n\n<figure class=\"wp-block-image wp-block-image--fnztema\"><picture><source media=\"(min-width: 1024px)\" srcset=\"https:\/\/sancarlo.org\/wp-content\/uploads\/2023\/06\/pezzi-cappellette_21-1024x561.jpg 1x, https:\/\/sancarlo.org\/wp-content\/uploads\/2023\/06\/pezzi-cappellette_21.jpg 2x\"><source media=\"(min-width: 768px)\" srcset=\"https:\/\/sancarlo.org\/wp-content\/uploads\/2023\/06\/pezzi-cappellette_21-800x438.jpg 1x, https:\/\/sancarlo.org\/wp-content\/uploads\/2023\/06\/pezzi-cappellette_21-1600x877.jpg 2x\"><source media=\"(min-width: 200px)\" srcset=\"https:\/\/sancarlo.org\/wp-content\/uploads\/2023\/06\/pezzi-cappellette_21-500x274.jpg 1x, https:\/\/sancarlo.org\/wp-content\/uploads\/2023\/06\/pezzi-cappellette_21-1000x548.jpg 2x\"><img decoding=\"async\" src=\"data:image\/gif;base64,R0lGODlhAQABAAAAACH5BAEKAAEALAAAAAABAAEAAAICTAEAOw==\" alt=\"\" \/><\/picture><\/figure>\n\n\n<blockquote class=\"wp-block-quote\">\n<p>Id por todo el mundo a llevar la verdad, la belleza y la pazque se encuentran en Cristo Redentor.<\/p>\n<cite>san Juan Pablo II<\/cite><\/blockquote>\n\n\n\n<p>En septiembre de 1984, con ocasi\u00f3n de la audiencia concedida por el trig\u00e9simo aniversario del nacimiento de Comuni\u00f3n y Liberaci\u00f3n, San Juan Pablo II dirige al movimiento este encargo: \u00ab Id por todo el mundo a llevar la verdad, la belleza y la paz que se encuentran en Cristo Redentor\u00bb.<\/p>\n\n\n\n<p>El 14 de septiembre de 1985, acogiendo la invitaci\u00f3n del papa, mons. Massimo Camisasca junto a otros seis sacerdotes firma el acta fundacional con el que se inicia la historia de la Fraternidad. Se trata de una asociaci\u00f3n sacerdotal que tiene como fin formar j\u00f3venes para el sacerdocio y la misi\u00f3n. En 1989, la asociaci\u00f3n es reconocida como Sociedad de Vida Apost\u00f3lica de Derecho Diocesano.<\/p>\n\n\n\n<p>En los a\u00f1os noventa empiezan a difundirse, por Italia y el mundo, las primeras casas de la Fraternidad, habitadas por peque\u00f1as comunidades de tres o cuatro sacerdotes.<\/p>\n\n\n\n<p>El 19 de marzo de 1999, Juan Pablo II reconoce la Fraternidad como Sociedad de Vida Apost\u00f3lica de Derecho Pontificio. La Iglesia, ante todo el mundo, la invita de este modo a anunciar el Evangelio hasta los confines de la tierra seg\u00fan el acento particular de Comuni\u00f3n y Liberaci\u00f3n.<\/p>\n\n\n\n<p>El 29 de septiembre de 2012 Benedicto XVI nombra a mons. Massimo Camisasca Obispo de Reggio Emilia-Guastalla. El 1 de febrero de 2013 la Asamblea General de la Fraternidad elige a don Paolo Sottopietra como Superior general.<\/p>\n\n\n\n<p><\/p>\n\n\n\n<h2 class=\"wp-block-heading\" id=\"ilnostrovolto\">Nuestro rostro<\/h2>\n\n\n<figure class=\"wp-block-image wp-block-image--fnztema\"><picture><source media=\"(min-width: 1024px)\" srcset=\"https:\/\/sancarlo.org\/wp-content\/uploads\/2023\/06\/giussani_GPII_camisasca_light1-1024x707.jpg 1x, https:\/\/sancarlo.org\/wp-content\/uploads\/2023\/06\/giussani_GPII_camisasca_light1.jpg 2x\"><source media=\"(min-width: 768px)\" srcset=\"https:\/\/sancarlo.org\/wp-content\/uploads\/2023\/06\/giussani_GPII_camisasca_light1-800x553.jpg 1x, https:\/\/sancarlo.org\/wp-content\/uploads\/2023\/06\/giussani_GPII_camisasca_light1.jpg 2x\"><source media=\"(min-width: 200px)\" srcset=\"https:\/\/sancarlo.org\/wp-content\/uploads\/2023\/06\/giussani_GPII_camisasca_light1-500x345.jpg 1x, https:\/\/sancarlo.org\/wp-content\/uploads\/2023\/06\/giussani_GPII_camisasca_light1-1000x691.jpg 2x\"><img decoding=\"async\" src=\"data:image\/gif;base64,R0lGODlhAQABAAAAACH5BAEKAAEALAAAAAABAAEAAAICTAEAOw==\" alt=\"\" \/><\/picture><\/figure>\n\n\n<blockquote class=\"wp-block-quote\">\n<p>La Fraternidad nace de la pasi\u00f3n que Giussani ha introducido en mi vida<br>y en la de otros hermanos; es un fruto de lo que \u00e9l ha sembrado dentro de nosotros.<\/p>\n<cite>mons. Massimo Camisasca<\/cite><\/blockquote>\n\n\n\n<p>Las palabras que expresan la vida de la Fraternidad Sacerdotal de los Misioneros de San Carlos Borromeo est\u00e1n contenidas en su propio nombre: fraternidad, sacerdotal, misionera. De este modo las describe el fundador, mons. Massimo Camisasca:<\/p>\n\n\n\n<h3 class=\"wp-block-heading has-primary-green-color has-text-color\">Fraternidad<\/h3>\n\n\n\n<p>\u00abLa Fraternidad es una compa\u00f1\u00eda formada por personas que han sido reunidas por Otro, por acci\u00f3n de Otro que es misericordia en sus vidas. Es el signo eficaz de la misericordia de Dios. Cada uno ha sido acogido y es acompa\u00f1ado constantemente por Cristo a trav\u00e9s de sus hermanos. Por ello, la Fraternidad es el lugar que, a trav\u00e9s de nuestra conversi\u00f3n, hace m\u00e1s sencilla y continua la memoria de Cristo\u00bb.<\/p>\n\n\n\n<h3 class=\"wp-block-heading has-primary-green-color has-text-color\">Sacerdotal<\/h3>\n\n\n\n<p>\u00abLa vocaci\u00f3n sacerdotal es uno de los caminos m\u00e1s nobles y bellos que se pueda recorrer. Vive de una comuni\u00f3n constante con Dios y con los hombres. Como todas las vocaciones, puede estar sujeta al cansancio y a las debilidades humanas. Si es sostenida y ayudada de manera apropiada, constituye un puente entre el cielo y la tierra; representa un enlace fundamental en la historia santa y tambi\u00e9n una figura importante del camino hacia la unidad de los hombres\u00bb.<\/p>\n\n\n\n<h3 class=\"wp-block-heading has-primary-green-color has-text-color\">Misionera<\/h3>\n\n\n\n<p>\u00abLa misi\u00f3n no es una invenci\u00f3n nuestra, la expresi\u00f3n de nuestros particulares dones o pasiones, aunque puede nutrirse de todos los dones que Dios nos ha dado. Consiste sencillamente en estar dentro de la misma misi\u00f3n para la cual Dios mand\u00f3 a la tierra a su propio Hijo y para la cual el Hijo mand\u00f3 a los ap\u00f3stoles y estos, a su vez, a otros hermanos. Hasta que el eco visible de aquel advenimiento nos ha tocado a nosotros\u00bb.<\/p>\n\n\n\n<p><\/p>\n\n\n\n<h2 class=\"wp-block-heading\" id=\"fondatore\">El fundador<\/h2>\n\n\n<figure class=\"wp-block-image wp-block-image--fnztema\"><picture><source media=\"(min-width: 1024px)\" srcset=\"https:\/\/sancarlo.org\/wp-content\/uploads\/2023\/06\/Camisasca-vescovo-reggio-1-1024x512.jpg 1x, https:\/\/sancarlo.org\/wp-content\/uploads\/2023\/06\/Camisasca-vescovo-reggio-1.jpg 2x\"><source media=\"(min-width: 768px)\" srcset=\"https:\/\/sancarlo.org\/wp-content\/uploads\/2023\/06\/Camisasca-vescovo-reggio-1-800x400.jpg 1x, https:\/\/sancarlo.org\/wp-content\/uploads\/2023\/06\/Camisasca-vescovo-reggio-1.jpg 2x\"><source media=\"(min-width: 200px)\" srcset=\"https:\/\/sancarlo.org\/wp-content\/uploads\/2023\/06\/Camisasca-vescovo-reggio-1-500x250.jpg 1x, https:\/\/sancarlo.org\/wp-content\/uploads\/2023\/06\/Camisasca-vescovo-reggio-1-1000x500.jpg 2x\"><img decoding=\"async\" src=\"data:image\/gif;base64,R0lGODlhAQABAAAAACH5BAEKAAEALAAAAAABAAEAAAICTAEAOw==\" alt=\"\" \/><\/picture><\/figure>\n\n\n<p>Massimo Camisasca nace en Mil\u00e1n el 3 de noviembre de 1946. Durante sus estudios en el liceo cl\u00e1sico Berchet conoce a don Luigi Giussani, su profesor de religi\u00f3n. Es el encuentro que cambia su vida. Camisasca participa en la vida de <em>Giovent\u00f9 Studentesca <\/em>(Juventud Estudiantil, ndt.), el movimiento que nace de don Giussani, y se convierte en uno de los primeros responsables.<\/p>\n\n\n\n<p>Durante los a\u00f1os de universidad en la Cat\u00f3lica de Mil\u00e1n, donde se titula en Filosof\u00eda, Camisasca se involucra en diferentes tareas de la Acci\u00f3n Cat\u00f3lica milanesa hasta el punto de convertirse en su responsable diocesano. Son a\u00f1os durante los cuales madura su vocaci\u00f3n al sacerdocio.<\/p>\n\n\n\n<p>Entra en el seminario en una comunidad misionera de la Di\u00f3cesis de B\u00e9rgamo. Es ordenado en 1975. Tres a\u00f1os m\u00e1s tarde se traslada a Roma para ocuparse de las relaciones p\u00fablicas entre Comuni\u00f3n y Liberaci\u00f3n y la Santa Sede. En 1985, con el apoyo de don Giussani, don Massimo funda en Roma la Fraternidad Sacerdotal de los Misioneros de San Carlos Borromeo.<\/p>\n\n\n\n<p>Durante las tres d\u00e9cadas sucesivas, Camisasca se dedica a la gu\u00eda de la comunidad y de la educaci\u00f3n de sus miembros. Desde el a\u00f1o 2005 acompa\u00f1a el nacimiento de las Misioneras de San Carlos, el instituto femenino que nace de la experiencia de la Fraternidad y del carisma de don Giussani. En el 2012 Benedicto XVI lo nombra Obispo de Reggio Emilia-Guastala. As\u00ed termina su cargo de superior de la Fraternidad. El 10 de enero de 2022 el papa Francisco acepta su renuncia por haber llegado al l\u00edmite de edad.<\/p>\n\n\n\n<p><\/p>\n\n\n\n<h2 class=\"wp-block-heading\" id=\"superiore\">El superior general<\/h2>\n\n\n<figure class=\"wp-block-image wp-block-image--fnztema\"><picture><source media=\"(min-width: 1024px)\" srcset=\"https:\/\/sancarlo.org\/wp-content\/uploads\/2023\/06\/01551_07032015-2000x1200-1-1024x614.jpg 1x, https:\/\/sancarlo.org\/wp-content\/uploads\/2023\/06\/01551_07032015-2000x1200-1.jpg 2x\"><source media=\"(min-width: 768px)\" srcset=\"https:\/\/sancarlo.org\/wp-content\/uploads\/2023\/06\/01551_07032015-2000x1200-1-800x480.jpg 1x, https:\/\/sancarlo.org\/wp-content\/uploads\/2023\/06\/01551_07032015-2000x1200-1-1600x960.jpg 2x\"><source media=\"(min-width: 200px)\" srcset=\"https:\/\/sancarlo.org\/wp-content\/uploads\/2023\/06\/01551_07032015-2000x1200-1-500x300.jpg 1x, https:\/\/sancarlo.org\/wp-content\/uploads\/2023\/06\/01551_07032015-2000x1200-1-1000x600.jpg 2x\"><img decoding=\"async\" src=\"data:image\/gif;base64,R0lGODlhAQABAAAAACH5BAEKAAEALAAAAAABAAEAAAICTAEAOw==\" alt=\"\" \/><\/picture><\/figure>\n\n\n<p>Paolo Sottopietra nace en Tione di Trento (Italia), el 18 de agosto de 1967. Crece en Stenico y en los a\u00f1os de bachillerato conoce en Trento el movimiento de Comuni\u00f3n y Liberaci\u00f3n.<\/p>\n\n\n\n<p>En la Universidad Cat\u00f3lica de Mil\u00e1n conoce a don Luigi Giussani, que en esos a\u00f1os tiene el curso de Introducci\u00f3n a la Teolog\u00eda.<\/p>\n\n\n\n<p>En el 1991, durante una estancia de estudios en Estados Unidos conoce a Michael Carvill, sacerdote misionero en Tampa, Florida. Es su primer encuentro con la Fraternidad San Carlos. La posibilidad de vivir el sacerdocio con el horizonte de la pertenencia al movimiento de Comuni\u00f3n y Liberaci\u00f3n se vuelve para Sottopietra una hip\u00f3tesis real.<\/p>\n\n\n\n<p>Al volver de Estados Unidos, pide a don Massimo Camisasca entrar en el seminario de la Fraternidad y se traslada a Roma. En 1994 obtiene el Bachillerato en Teolog\u00eda Sagrada en la Pontificia Universidad Lateranense y en 1995 es ordenado sacerdote. En el 2001 obtiene el Doctorado en Teolog\u00eda en la Katholische Universit\u00e4t de Eichst\u00e4tt-Ingolstadt, con una tesis en Teolog\u00eda Dogm\u00e1tica sobre el pensamiento de Joseph Ratzinger.<\/p>\n\n\n\n<p>Tras un primer periodo de misi\u00f3n en Alemania, Sottopietra es llamado para regresar a Italia y cubrir diversos cargos en la Fraternidad.<\/p>\n\n\n\n<p>Inmediatamente despu\u00e9s del nombramiento de Massimo Camisasca como Obispo de Reggio Emilia-Guastalla, en febrero de 2013, don Paolo Sottopietra es nombrado Superior general de la Fraternidad San Carlos.<\/p>\n\n\n\n<p><\/p>\n\n\n\n<h2 class=\"wp-block-heading\">Misioneras de San Carlos<\/h2>\n\n\n<figure class=\"wp-block-image wp-block-image--fnztema\"><picture><source media=\"(min-width: 1024px)\" srcset=\"https:\/\/sancarlo.org\/wp-content\/uploads\/2023\/06\/MscbIMG_5084-1024x512.jpg 1x, https:\/\/sancarlo.org\/wp-content\/uploads\/2023\/06\/MscbIMG_5084.jpg 2x\"><source media=\"(min-width: 768px)\" srcset=\"https:\/\/sancarlo.org\/wp-content\/uploads\/2023\/06\/MscbIMG_5084-800x400.jpg 1x, https:\/\/sancarlo.org\/wp-content\/uploads\/2023\/06\/MscbIMG_5084-1600x800.jpg 2x\"><source media=\"(min-width: 200px)\" srcset=\"https:\/\/sancarlo.org\/wp-content\/uploads\/2023\/06\/MscbIMG_5084-500x250.jpg 1x, https:\/\/sancarlo.org\/wp-content\/uploads\/2023\/06\/MscbIMG_5084-1000x500.jpg 2x\"><img decoding=\"async\" src=\"data:image\/gif;base64,R0lGODlhAQABAAAAACH5BAEKAAEALAAAAAABAAEAAAICTAEAOw==\" alt=\"\" \/><\/picture><\/figure>\n\n\n<p>Las Misioneras de San Carlos Borromeo nacen del deseo de algunas chicas de compartir los ideales de la Fraternidad Sacerdotal de los Misioneros de San Carlos Borromeo.<\/p>\n\n\n\n<p>En el 2005 Rachele Paiusco se traslada a Roma junto a otras compa\u00f1eras para seguir al padre Massimo Camisasca y al padre Paolo Sottopietra. Al primer grupo se a\u00f1aden pronto otras j\u00f3venes. Empieza as\u00ed la primera semilla de vida com\u00fan, ritmada por una regla de oraci\u00f3n, estudio y trabajo.<\/p>\n\n\n\n<p>El 25 de marzo del 2007, en la solemnidad de la Anunciaci\u00f3n, la peque\u00f1a comunidad viene reconocida como asociaci\u00f3n privada de fieles por el obispo de Porto-Santa Rufina, monse\u00f1or Gino Reali. Durante este periodo, las Misioneras son guiadas por padre Paolo Sottopietra como superior general.&nbsp;Una casa del barrio de la Magliana, puesta a su disposici\u00f3n por el cardenal Camillo Ruini, acoge a las primeras j\u00f3venes que entran en la reciente instituci\u00f3n. Son los a\u00f1os en los que se definen los rasgos fundamentales y la regla de la comunidad. Toman vida la escuela de teolog\u00eda y filosof\u00eda interna a la Casa de formaci\u00f3n, las caritativas y la colaboraci\u00f3n con los sacerdotes de la Fraternidad en las parroquias. &nbsp;<\/p>\n\n\n\n<p>El 25 de marzo de 2012 es reconocida como Asociaci\u00f3n p\u00fablica de fieles. En los a\u00f1os sucesivos abren las primeras casas de misi\u00f3n. En el 2013 mons. Gino Reali nombra a Rachele Paiusco Superiora general de las Misioneras de San Carlos.<\/p>\n\n\n\n<p>En el 2019 las Misioneras desarrollan la primera Asamblea general, que confirma a sor Rachele como Superiora general y se constituye por primera vez un gobierno independiente de la Fraternidad San Carlos. Actualmente est\u00e1n presentes en Roma, Nairobi (Kenia), Denver (Estados Unidos) y Grenoble (Francia).<\/p>\n","protected":false},"excerpt":{"rendered":"<p>Qu\u00e9 es la Fraternidad San Carlos La Fraternidad Sacerdotal de los Misioneros de San Carlos Borromeo es una Sociedad de Vida Apost\u00f3lica de derecho pontificio. La Fraternidad nace del carisma del movimiento de Comuni\u00f3n y Liberaci\u00f3n. Los j\u00f3venes que piden ingresar en la Fraternidad para ser sacerdotes han encontrado en dicho carisma la forma definitiva [&hellip;]<\/p>\n","protected":false},"author":1,"featured_media":0,"parent":0,"menu_order":0,"comment_status":"closed","ping_status":"closed","template":"","meta":{"_acf_changed":false,"inline_featured_image":false,"slim_seo":{"title":"Qui\u00e9nes somos - Fraternidad San Carlos","description":"Qu\u00e9 es la Fraternidad San Carlos La Fraternidad Sacerdotal de los Misioneros de San Carlos Borromeo es una Sociedad de Vida Apost\u00f3lica de derecho pontificio. La"},"footnotes":""},"class_list":["post-3244","page","type-page","status-publish","hentry"],"acf":[],"_links":{"self":[{"href":"https:\/\/sancarlo.org\/es\/wp-json\/wp\/v2\/pages\/3244","targetHints":{"allow":["GET"]}}],"collection":[{"href":"https:\/\/sancarlo.org\/es\/wp-json\/wp\/v2\/pages"}],"about":[{"href":"https:\/\/sancarlo.org\/es\/wp-json\/wp\/v2\/types\/page"}],"author":[{"embeddable":true,"href":"https:\/\/sancarlo.org\/es\/wp-json\/wp\/v2\/users\/1"}],"replies":[{"embeddable":true,"href":"https:\/\/sancarlo.org\/es\/wp-json\/wp\/v2\/comments?post=3244"}],"version-history":[{"count":3,"href":"https:\/\/sancarlo.org\/es\/wp-json\/wp\/v2\/pages\/3244\/revisions"}],"predecessor-version":[{"id":17045,"href":"https:\/\/sancarlo.org\/es\/wp-json\/wp\/v2\/pages\/3244\/revisions\/17045"}],"wp:attachment":[{"href":"https:\/\/sancarlo.org\/es\/wp-json\/wp\/v2\/media?parent=3244"}],"curies":[{"name":"wp","href":"https:\/\/api.w.org\/{rel}","templated":true}]}}